{"id":230,"date":"2021-02-04T11:23:42","date_gmt":"2021-02-04T11:23:42","guid":{"rendered":"https:\/\/dev.autocaresgrupobenidorm.com\/?page_id=230"},"modified":"2022-02-25T08:02:02","modified_gmt":"2022-02-25T08:02:02","slug":"empresa","status":"publish","type":"page","link":"https:\/\/autocaresgrupobenidorm.com\/es\/empresa\/","title":{"rendered":"Empresa"},"content":{"rendered":"<p>[et_pb_section fb_built=\u00bb1&#8243; admin_label=\u00bbHeader\u00bb _builder_version=\u00bb4.9.3&#8243; background_color=\u00bbRGBA(0,0,0,0)\u00bb use_background_color_gradient=\u00bbon\u00bb background_color_gradient_start=\u00bb#000000&#8243; background_color_gradient_end=\u00bb#000000&#8243; background_color_gradient_direction=\u00bb96deg\u00bb background_image=\u00bbhttps:\/\/autocaresgrupobenidorm.com\/wp-content\/uploads\/2021\/02\/bustop.png\u00bb background_size=\u00bbinitial\u00bb background_position=\u00bbbottom_left\u00bb background_blend=\u00bbluminosity\u00bb global_colors_info=\u00bb{}\u00bb][et_pb_row _builder_version=\u00bb3.25&#8243; global_colors_info=\u00bb{}\u00bb][et_pb_column type=\u00bb4_4&#8243; _builder_version=\u00bb3.25&#8243; custom_padding=\u00bb|||\u00bb global_colors_info=\u00bb{}\u00bb custom_padding__hover=\u00bb|||\u00bb][et_pb_text ul_type=\u00bbcircle\u00bb _builder_version=\u00bb4.9.10&#8243; text_font=\u00bb||||||||\u00bb text_font_size=\u00bb18px\u00bb text_line_height=\u00bb2em\u00bb ul_font=\u00bb||||||||\u00bb ul_font_size=\u00bb18px\u00bb ul_line_height=\u00bb2em\u00bb header_font=\u00bbMontserrat|700|||||||\u00bb header_font_size=\u00bb50px\u00bb header_line_height=\u00bb1.2em\u00bb text_orientation=\u00bbcenter\u00bb background_layout=\u00bbdark\u00bb header_font_size_tablet=\u00bb40px\u00bb header_font_size_phone=\u00bb28px\u00bb header_font_size_last_edited=\u00bbon|phone\u00bb global_colors_info=\u00bb{}\u00bb]<\/p>\n<h1>\u00a0Empresa<\/h1>\n<p><span style=\"font-size: 18px; font-family: 'Open Sans', Arial, sans-serif; font-weight: 500;\">Una empresa familiar, con claros principios de calidad, seguridad y ante todo profesionalidad<\/span>[\/et_pb_text][\/et_pb_column][\/et_pb_row][\/et_pb_section][et_pb_section fb_built=\u00bb1&#8243; admin_label=\u00bbAbout us\u00bb _builder_version=\u00bb3.22&#8243; global_colors_info=\u00bb{}\u00bb][et_pb_row column_structure=\u00bb3_5,2_5&#8243; _builder_version=\u00bb3.25&#8243; global_colors_info=\u00bb{}\u00bb][et_pb_column type=\u00bb3_5&#8243; _builder_version=\u00bb3.25&#8243; custom_padding=\u00bb|||\u00bb global_colors_info=\u00bb{}\u00bb custom_padding__hover=\u00bb|||\u00bb][et_pb_text _builder_version=\u00bb4.9.10&#8243; text_font=\u00bb||||||||\u00bb text_font_size=\u00bb16px\u00bb text_line_height=\u00bb2em\u00bb header_font=\u00bb||||||||\u00bb header_2_font=\u00bbMontserrat|700|||||||\u00bb header_2_font_size=\u00bb36px\u00bb header_2_line_height=\u00bb1.4em\u00bb max_width=\u00bb700px\u00bb module_alignment=\u00bbcenter\u00bb header_2_font_size_tablet=\u00bb26px\u00bb header_2_font_size_phone=\u00bb20px\u00bb header_2_font_size_last_edited=\u00bbon|phone\u00bb locked=\u00bboff\u00bb global_colors_info=\u00bb{}\u00bb]<\/p>\n<h2>Autocares Grupo Benidorm<\/h2>\n<p><span style=\"font-size: 16px; color: #666666; font-family: 'Open Sans', Arial, sans-serif; font-weight: 500;\">Esta empresa familiar comenz\u00f3 su andadura en el a\u00f1o 2005 tras la renovaci\u00f3n de la directiva de la compa\u00f1\u00eda de autocares. La nueva gerencia, vinculada a los sectores del transporte y el turismo desde principios de los a\u00f1os 80, aport\u00f3 a la empresa la experiencia necesaria para darle el impulso que la convertir\u00eda en una de las compa\u00f1\u00edas de transporte de referencia de la Costa Blanca.\u00a0<\/span><\/p>\n<p>[\/et_pb_text][\/et_pb_column][et_pb_column type=\u00bb2_5&#8243; _builder_version=\u00bb3.25&#8243; custom_padding=\u00bb|||\u00bb global_colors_info=\u00bb{}\u00bb custom_padding__hover=\u00bb|||\u00bb][et_pb_image src=\u00bbhttps:\/\/autocaresgrupobenidorm.com\/wp-content\/uploads\/2021\/03\/09501b62f20db64ec5413a19c3e213be-e1617194811486.jpg\u00bb title_text=\u00bb09501b62f20db64ec5413a19c3e213be\u00bb _builder_version=\u00bb4.9.3&#8243; _module_preset=\u00bbdefault\u00bb scroll_scaling=\u00bb0|49|49|100|70|100|120%\u00bb scroll_rotating_enable=\u00bbon\u00bb scroll_rotating=\u00bb0|50|50|100|0\u00b0|0\u00b0|5\u00b0\u00bb motion_trigger_start=\u00bbbottom\u00bb border_radii=\u00bbon|15px|15px|15px|15px\u00bb box_shadow_style=\u00bbpreset3&#8243; global_colors_info=\u00bb{}\u00bb][\/et_pb_image][\/et_pb_column][\/et_pb_row][\/et_pb_section][et_pb_section fb_built=\u00bb1&#8243; admin_label=\u00bbOur Fleet\u00bb _builder_version=\u00bb3.22&#8243; global_colors_info=\u00bb{}\u00bb][et_pb_row column_structure=\u00bb1_2,1_2&#8243; custom_padding_last_edited=\u00bbon|tablet\u00bb _builder_version=\u00bb4.8.2&#8243; width=\u00bb100%\u00bb max_width=\u00bb100%\u00bb module_alignment=\u00bbright\u00bb custom_margin=\u00bb|||\u00bb custom_margin_tablet=\u00bb|||||false\u00bb custom_margin_last_edited=\u00bboff|desktop\u00bb custom_padding=\u00bb|18%|||false|false\u00bb custom_padding_tablet=\u00bb|0%||\u00bb custom_padding_phone=\u00bb\u00bb use_custom_width=\u00bbon\u00bb width_unit=\u00bboff\u00bb custom_width_percent=\u00bb100%\u00bb locked=\u00bboff\u00bb global_colors_info=\u00bb{}\u00bb][et_pb_column type=\u00bb1_2&#8243; _builder_version=\u00bb3.25&#8243; custom_padding=\u00bb|||\u00bb custom_padding_tablet=\u00bb|||\u00bb custom_padding_phone=\u00bb|||\u00bb custom_padding_last_edited=\u00bboff|desktop\u00bb global_colors_info=\u00bb{}\u00bb padding_phone=\u00bb|||\u00bb padding_tablet=\u00bb|||\u00bb padding_last_edited=\u00bboff|desktop\u00bb custom_padding__hover=\u00bb|||\u00bb][et_pb_image src=\u00bbhttps:\/\/dev.autocaresgrupobenidorm.com\/wp-content\/uploads\/2021\/02\/buslo1.fw_.png\u00bb title_text=\u00bbAutocar 55 Plazas\u00bb force_fullwidth=\u00bbon\u00bb _builder_version=\u00bb4.8.2&#8243; custom_margin=\u00bb|||\u00bb animation_style=\u00bbzoom\u00bb animation_direction=\u00bbleft\u00bb animation_intensity_zoom=\u00bb5%\u00bb scroll_horizontal_motion_enable=\u00bbon\u00bb scroll_horizontal_motion=\u00bb0|49|49|100|-4|0|0&#8243; always_center_on_mobile=\u00bboff\u00bb locked=\u00bboff\u00bb global_colors_info=\u00bb{}\u00bb][\/et_pb_image][\/et_pb_column][et_pb_column type=\u00bb1_2&#8243; _builder_version=\u00bb3.25&#8243; custom_padding=\u00bb|||\u00bb custom_padding_tablet=\u00bb|10%||10%||true\u00bb custom_padding_phone=\u00bb\u00bb custom_padding_last_edited=\u00bbon|phone\u00bb global_colors_info=\u00bb{}\u00bb padding_tablet=\u00bb|10%||10%||true\u00bb padding_last_edited=\u00bbon|phone\u00bb custom_padding__hover=\u00bb|||\u00bb padding_phone=\u00bb|10%||10%||true\u00bb][et_pb_cta title=\u00bbLa Empresa\u00bb button_url=\u00bb@ET-DC@eyJkeW5hbWljIjp0cnVlLCJjb250ZW50IjoicG9zdF9saW5rX3VybF9wYWdlIiwic2V0dGluZ3MiOnsicG9zdF9pZCI6IjE0MiJ9fQ==@\u00bb button_text=\u00bbFlota de Veh\u00edculos\u00bb _builder_version=\u00bb4.13.0&#8243; _dynamic_attributes=\u00bbbutton_url\u00bb header_font=\u00bbMontserrat|700|||||||\u00bb header_font_size=\u00bb36px\u00bb header_line_height=\u00bb1.4em\u00bb body_font=\u00bb||||||||\u00bb body_font_size=\u00bb16px\u00bb body_line_height=\u00bb2em\u00bb use_background_color=\u00bboff\u00bb custom_button=\u00bbon\u00bb button_text_size=\u00bb16px\u00bb button_text_color=\u00bb#FFFFFF\u00bb button_bg_color=\u00bb#0C71C3&#8243; button_border_width=\u00bb10px\u00bb button_border_color=\u00bb#0C71C3&#8243; button_letter_spacing=\u00bb2px\u00bb button_font=\u00bbMontserrat|700|||||||\u00bb button_icon=\u00bb&#x24;||divi||400&#8243; text_orientation=\u00bbleft\u00bb background_layout=\u00bblight\u00bb header_font_size_tablet=\u00bb26px\u00bb header_font_size_phone=\u00bb20px\u00bb header_font_size_last_edited=\u00bbon|phone\u00bb locked=\u00bboff\u00bb global_colors_info=\u00bb{}\u00bb button_text_size__hover_enabled=\u00bboff\u00bb button_one_text_size__hover_enabled=\u00bboff\u00bb button_two_text_size__hover_enabled=\u00bboff\u00bb button_text_color__hover_enabled=\u00bboff\u00bb button_one_text_color__hover_enabled=\u00bboff\u00bb button_two_text_color__hover_enabled=\u00bboff\u00bb button_border_width__hover_enabled=\u00bboff\u00bb button_one_border_width__hover_enabled=\u00bboff\u00bb button_two_border_width__hover_enabled=\u00bboff\u00bb button_border_color__hover_enabled=\u00bboff\u00bb button_one_border_color__hover_enabled=\u00bboff\u00bb button_two_border_color__hover_enabled=\u00bboff\u00bb button_border_radius__hover_enabled=\u00bboff\u00bb button_one_border_radius__hover_enabled=\u00bboff\u00bb button_two_border_radius__hover_enabled=\u00bboff\u00bb button_letter_spacing__hover_enabled=\u00bboff\u00bb button_one_letter_spacing__hover_enabled=\u00bboff\u00bb button_two_letter_spacing__hover_enabled=\u00bboff\u00bb button_bg_color__hover_enabled=\u00bboff\u00bb button_one_bg_color__hover_enabled=\u00bboff\u00bb button_two_bg_color__hover_enabled=\u00bboff\u00bb]<\/p>\n<p><span>Somos una empresa de transporte discrecional de viajeros por carretera, dedicados al alquiler de autocares, minibuses y microbuses para todo tipo de clientes, tanto grupos privados como profesionales del sector. Nuestro principal objetivo es la calidad del servicio y la satisfacci\u00f3n del cliente, por ello adaptamos cada servicio de transporte a sus necesidades. <\/span><\/p>\n<p><span>Contamos con un equipo que re\u00fane la juventud y la experiencia, trabajando en una \u00fanica direcci\u00f3n: la eficacia del servicio. <\/span><\/p>\n<p><span>Y es que son muchos los clientes que nos eligen diariamente depositando su confianza en nosotros.<\/span><\/p>\n<p>[\/et_pb_cta][\/et_pb_column][\/et_pb_row][\/et_pb_section][et_pb_section fb_built=\u00bb1&#8243; _builder_version=\u00bb4.8.2&#8243; _module_preset=\u00bbdefault\u00bb global_colors_info=\u00bb{}\u00bb][et_pb_row _builder_version=\u00bb4.8.2&#8243; _module_preset=\u00bbdefault\u00bb global_colors_info=\u00bb{}\u00bb][et_pb_column type=\u00bb4_4&#8243; _builder_version=\u00bb4.8.2&#8243; _module_preset=\u00bbdefault\u00bb global_colors_info=\u00bb{}\u00bb][et_pb_gallery gallery_ids=\u00bb270,278,276,274&#8243; show_title_and_caption=\u00bboff\u00bb show_pagination=\u00bboff\u00bb _builder_version=\u00bb4.14.1&#8243; _module_preset=\u00bbdefault\u00bb scroll_scaling_enable=\u00bbon\u00bb scroll_scaling=\u00bb40|50|50|100|80%|100|100&#8243; hover_enabled=\u00bb0&#8243; global_colors_info=\u00bb{}\u00bb sticky_enabled=\u00bb0&#8243;][\/et_pb_gallery][\/et_pb_column][\/et_pb_row][\/et_pb_section][et_pb_section fb_built=\u00bb1&#8243; next_background_color=\u00bbrgba(231,238,245,0.4)\u00bb _builder_version=\u00bb3.22&#8243; custom_padding=\u00bb54px|0px|101px|0px|false|false\u00bb bottom_divider_style=\u00bbramp\u00bb global_colors_info=\u00bb{}\u00bb][et_pb_row _builder_version=\u00bb4.8.2&#8243; locked=\u00bboff\u00bb global_colors_info=\u00bb{}\u00bb][et_pb_column type=\u00bb4_4&#8243; _builder_version=\u00bb3.25&#8243; custom_padding=\u00bb|||\u00bb global_colors_info=\u00bb{}\u00bb custom_padding__hover=\u00bb|||\u00bb][et_pb_tabs active_tab_background_color=\u00bb#0C71C3&#8243; inactive_tab_background_color=\u00bbrgba(0,0,0,0.2)\u00bb _builder_version=\u00bb4.8.2&#8243; tab_text_color=\u00bb#f7f7f7&#8243; body_font=\u00bb||||||||\u00bb body_font_size=\u00bb16px\u00bb body_line_height=\u00bb2em\u00bb tab_font=\u00bbMontserrat|700|||||||\u00bb tab_font_size=\u00bb16px\u00bb tab_line_height=\u00bb49.8px\u00bb background_color=\u00bbrgba(255,255,255,0)\u00bb custom_margin=\u00bb|||\u00bb custom_padding=\u00bb14px|0px|14px|0px|true|true\u00bb custom_css_tab=\u00bbborder: none;\u00bb border_width_all=\u00bb0px\u00bb global_colors_info=\u00bb{}\u00bb][et_pb_tab title=\u00bbNuestros Servicios\u00bb _builder_version=\u00bb3.11&#8243; global_colors_info=\u00bb{}\u00bb]<\/p>\n<p>Como empresa dedicada al transporte discrecional de viajeros, nuestra prioridad es la calidad y eficiencia del servicio. Somos especialistas en circuitos nacionales e internacionales, excursiones, traslados de colegios e Institutos, traslados para todo tipo de eventos o grupos; y nuestro principal trabajo son los traslados de ida y vuelta desde los Aeropuertos de Alicante, Valencia y Murcia a todos los municipios situados en dichas provincias; sobre todo la zona de la Marina Baixa y Marina Alta.<\/p>\n<p>\u00a0Para nosotros el cliente es lo primero, por eso les invitamos a que nos conozcan y compartan una de sus experiencias con nosotros.<\/p>\n<p>[\/et_pb_tab][et_pb_tab title=\u00bbMec\u00e1nica y Limpieza\u00bb _builder_version=\u00bb3.11&#8243; global_colors_info=\u00bb{}\u00bb]<\/p>\n<p>Disponemos de mec\u00e1nicos especializados en autocares y veh\u00edculos de grandes dimensiones para dotar de seguridad y eficiencia a nuestra amplia flota de veh\u00edculos. As\u00ed como revisi\u00f3n diaria, limpieza y desinfecci\u00f3n<\/p>\n<p>&nbsp;<\/p>\n<p>[\/et_pb_tab][et_pb_tab title=\u00bbTecnolog\u00eda\u00bb _builder_version=\u00bb3.11&#8243; global_colors_info=\u00bb{}\u00bb]<\/p>\n<p>Somos una empresa que se nos caracteriza por formarnos tecnol\u00f3gicamente, y nos rodeamos de herramientas que nos permitan realizar los servicios de manera eficiente y profesional.<\/p>\n<p>Contamos con un equipo de expertos que se dedican exclusivamente a mejorar y progresar en este campo para darle al cliente un mejor servicio cada d\u00eda.<span style=\"font-size: 16px;\">\u00a0<\/span><\/p>\n<p>[\/et_pb_tab][et_pb_tab title=\u00bbCuidamos el medio ambiente\u00bb _builder_version=\u00bb4.8.2&#8243; _module_preset=\u00bbdefault\u00bb global_colors_info=\u00bb{}\u00bb]<\/p>\n<p><strong><span>En Autocares Grupo Benidorm contribuimos al desarrollo sostenible del planeta<\/span><\/strong><\/p>\n<p>&#8211; Reciclamos papel, t\u00f3ner, pilas, bombillas y fluorescentes.<\/p>\n<p>&#8211; Evitamos imprimir documentos a menos que sea estrictamente necesario.<\/p>\n<p>&#8211; Al imprimir, siempre utilizamos la impresi\u00f3n a doble cara.<\/p>\n<p>&#8211; Utilizamos papel reciclado para facturas, sobres, tarjetas, directorio de servicios, etc.<\/p>\n<p>[\/et_pb_tab][\/et_pb_tabs][\/et_pb_column][\/et_pb_row][\/et_pb_section][et_pb_section fb_built=\u00bb1&#8243; admin_label=\u00bbTestimonials\u00bb _builder_version=\u00bb4.8.2&#8243; background_color=\u00bbrgba(231,238,245,0.4)\u00bb global_colors_info=\u00bb{}\u00bb][et_pb_row _builder_version=\u00bb3.25&#8243; global_colors_info=\u00bb{}\u00bb][et_pb_column type=\u00bb4_4&#8243; _builder_version=\u00bb3.25&#8243; custom_padding=\u00bb|||\u00bb global_colors_info=\u00bb{}\u00bb custom_padding__hover=\u00bb|||\u00bb][et_pb_text _builder_version=\u00bb4.8.2&#8243; text_font=\u00bb||||||||\u00bb text_font_size=\u00bb16px\u00bb text_line_height=\u00bb2em\u00bb header_font=\u00bb||||||||\u00bb header_3_font=\u00bbMontserrat|700|||||||\u00bb header_3_font_size=\u00bb36px\u00bb header_3_line_height=\u00bb1.4em\u00bb text_orientation=\u00bbcenter\u00bb max_width=\u00bb700px\u00bb module_alignment=\u00bbcenter\u00bb header_3_font_size_tablet=\u00bb26px\u00bb header_3_font_size_phone=\u00bb20px\u00bb header_3_font_size_last_edited=\u00bbon|phone\u00bb locked=\u00bboff\u00bb global_colors_info=\u00bb{}\u00bb]<\/p>\n<h3>\u00bfQu\u00e9 opinan nuestros clientes en TripAdvisor?<\/h3>\n<p>[\/et_pb_text][et_pb_text _builder_version=\u00bb4.8.2&#8243; text_font=\u00bb|600|||||||\u00bb text_text_color=\u00bb#000000&#8243; text_font_size=\u00bb16px\u00bb text_line_height=\u00bb2em\u00bb header_font=\u00bb||||||||\u00bb header_3_font=\u00bbMontserrat|700|||||||\u00bb header_3_font_size=\u00bb36px\u00bb header_3_line_height=\u00bb1.4em\u00bb text_orientation=\u00bbcenter\u00bb max_width=\u00bb700px\u00bb module_alignment=\u00bbcenter\u00bb header_3_font_size_tablet=\u00bb26px\u00bb header_3_font_size_phone=\u00bb20px\u00bb header_3_font_size_last_edited=\u00bbon|phone\u00bb locked=\u00bboff\u00bb global_colors_info=\u00bb{}\u00bb]<\/p>\n<p><span style=\"color: rgba(117, 117, 117, 0.87);\">Las opiniones aqu\u00ed expuestas son opiniones reales de nuestros clientes en TripAdvisor. Orgullosos de ser el principal transportista de <a href=\"https:\/\/www.beniconnect.com\" style=\"color: rgba(117, 117, 117, 0.87);\">Beniconnect<\/a>.<\/span><\/p>\n<p>[\/et_pb_text][\/et_pb_column][\/et_pb_row][et_pb_row column_structure=\u00bb1_3,1_3,1_3&#8243; _builder_version=\u00bb4.8.2&#8243; global_colors_info=\u00bb{}\u00bb][et_pb_column type=\u00bb1_3&#8243; _builder_version=\u00bb3.25&#8243; custom_padding=\u00bb|||\u00bb global_colors_info=\u00bb{}\u00bb custom_padding__hover=\u00bb|||\u00bb][et_pb_testimonial author=\u00bbBealco\u00bb url=\u00bbhttps:\/\/www.tripadvisor.es\/ShowUserReviews-g187525-d8858608-r747665072-Beniconnect-Benidorm_Costa_Blanca_Province_of_Alicante_Valencian_Country.html\u00bb url_new_window=\u00bbon\u00bb quote_icon_color=\u00bb#12876F\u00bb quote_icon_background_color=\u00bb#FFFFFF\u00bb _builder_version=\u00bb4.8.2&#8243; body_font=\u00bb||||||||\u00bb body_text_align=\u00bbcenter\u00bb body_line_height=\u00bb2em\u00bb background_color=\u00bb#FFFFFF\u00bb text_orientation=\u00bbcenter\u00bb min_height=\u00bb300px\u00bb custom_padding=\u00bb||0px|||\u00bb link_option_url_new_window=\u00bbon\u00bb global_colors_info=\u00bb{}\u00bb]<\/p>\n<div class=\"cPQsENeY\"><q class=\"IRsGHoPm\"><span><\/span><\/q><\/div>\n<div class=\"cPQsENeY\"><q class=\"IRsGHoPm\"><span><\/span><\/q><\/div>\n<div class=\"cPQsENeY\"><span>Lo conoc\u00ed por internet , buen servicio , buen precio y puntuales as\u00ed como un trato agradable y muy esmerado en hacerte el viaje m\u00e1s ameno<\/span><\/div>\n<div class=\"hw66xH7d\"><\/div>\n<p>[\/et_pb_testimonial][\/et_pb_column][et_pb_column type=\u00bb1_3&#8243; _builder_version=\u00bb3.25&#8243; custom_padding=\u00bb|||\u00bb global_colors_info=\u00bb{}\u00bb custom_padding__hover=\u00bb|||\u00bb][et_pb_testimonial author=\u00bbCrisPortugalete\u00bb url=\u00bbhttps:\/\/www.tripadvisor.es\/ShowUserReviews-g187525-d8858608-r740042625-Beniconnect-Benidorm_Costa_Blanca_Province_of_Alicante_Valencian_Country.html\u00bb url_new_window=\u00bbon\u00bb quote_icon_color=\u00bb#12876F\u00bb quote_icon_background_color=\u00bb#FFFFFF\u00bb _builder_version=\u00bb4.8.2&#8243; body_font=\u00bb||||||||\u00bb body_text_align=\u00bbcenter\u00bb body_line_height=\u00bb2em\u00bb background_color=\u00bb#FFFFFF\u00bb text_orientation=\u00bbcenter\u00bb min_height=\u00bb300px\u00bb custom_padding=\u00bb||0px|||\u00bb link_option_url_new_window=\u00bbon\u00bb global_colors_info=\u00bb{}\u00bb]<\/p>\n<div class=\"cPQsENeY\"><q class=\"IRsGHoPm\"><span><\/span><\/q><\/div>\n<div class=\"cPQsENeY\"><q class=\"IRsGHoPm\"><span><\/span><\/q><\/div>\n<div class=\"cPQsENeY\"><span>Pedimos su servicio en el hotel. Precio insuperable. Bus c\u00f3modo y opci\u00f3n c\u00f3moda. Ten\u00edamos que coger el avi\u00f3n a primera hora de la ma\u00f1ana y en 45 minutos te deja en el aeropuerto. Te cogen la maleta, etc. Encantadas con el servicio<\/span><\/div>\n<div class=\"hw66xH7d\"><\/div>\n<p>[\/et_pb_testimonial][\/et_pb_column][et_pb_column type=\u00bb1_3&#8243; _builder_version=\u00bb3.25&#8243; custom_padding=\u00bb|||\u00bb global_colors_info=\u00bb{}\u00bb custom_padding__hover=\u00bb|||\u00bb][et_pb_testimonial author=\u00bbDioni\u00bb url=\u00bbhttps:\/\/www.tripadvisor.es\/ShowUserReviews-g187525-d8858608-r722956254-Beniconnect-Benidorm_Costa_Blanca_Province_of_Alicante_Valencian_Country.html\u00bb url_new_window=\u00bbon\u00bb quote_icon_color=\u00bb#12876F\u00bb quote_icon_background_color=\u00bb#FFFFFF\u00bb _builder_version=\u00bb4.8.2&#8243; body_font=\u00bb||||||||\u00bb body_text_align=\u00bbcenter\u00bb body_line_height=\u00bb2em\u00bb background_color=\u00bb#FFFFFF\u00bb text_orientation=\u00bbcenter\u00bb min_height=\u00bb300px\u00bb custom_padding=\u00bb||0px|||\u00bb link_option_url_new_window=\u00bbon\u00bb global_colors_info=\u00bb{}\u00bb]<\/p>\n<div class=\"cPQsENeY\"><q class=\"IRsGHoPm\"><span><\/span><\/q><\/div>\n<div class=\"cPQsENeY\"><q class=\"IRsGHoPm\"><span><\/span><\/q><\/div>\n<div class=\"cPQsENeY\"><span>Transporte cumplea\u00f1os, Grandes profesionales del sector, un servicio agradable tuvieron mucha paciencia. Gracias por todo y enhorabuena equipo<\/span><\/div>\n<div class=\"hw66xH7d\"><\/div>\n<p>[\/et_pb_testimonial][\/et_pb_column][\/et_pb_row][\/et_pb_section]<\/p>\n","protected":false},"excerpt":{"rendered":"<p>\u00a0Empresa Una empresa familiar, con claros principios de calidad, seguridad y ante todo profesionalidadAutocares Grupo Benidorm Esta empresa familiar comenz\u00f3 su andadura en el a\u00f1o 2005 tras la renovaci\u00f3n de la directiva de la compa\u00f1\u00eda de autocares. La nueva gerencia, vinculada a los sectores del transporte y el turismo desde principios de los a\u00f1os 80, [&hellip;]<\/p>\n","protected":false},"author":1,"featured_media":0,"parent":0,"menu_order":0,"comment_status":"closed","ping_status":"closed","template":"","meta":{"_et_pb_use_builder":"on","_et_pb_old_content":"","_et_gb_content_width":"","footnotes":""},"class_list":["post-230","page","type-page","status-publish","hentry"],"yoast_head":"<!-- This site is optimized with the Yoast SEO plugin v24.9 - https:\/\/yoast.com\/wordpress\/plugins\/seo\/ -->\n<title>Conoce la historia de nuestra Empresa - Autocares Grupo Benidorm<\/title>\n<meta name=\"description\" content=\"Somos una empresa con amplia experiencia en transporte de viajeros por carretera. Disponemos de veh\u00edculos y conductores altamente preparados.\" \/>\n<meta name=\"robots\" content=\"index, follow, max-snippet:-1, max-image-preview:large, max-video-preview:-1\" \/>\n<link rel=\"canonical\" href=\"https:\/\/autocaresgrupobenidorm.com\/es\/empresa\/\" \/>\n<meta property=\"og:locale\" content=\"es_ES\" \/>\n<meta property=\"og:type\" content=\"article\" \/>\n<meta property=\"og:title\" content=\"Conoce la historia de nuestra Empresa - Autocares Grupo Benidorm\" \/>\n<meta property=\"og:description\" content=\"Somos una empresa con amplia experiencia en transporte de viajeros por carretera. Disponemos de veh\u00edculos y conductores altamente preparados.\" \/>\n<meta property=\"og:url\" content=\"https:\/\/autocaresgrupobenidorm.com\/es\/empresa\/\" \/>\n<meta property=\"og:site_name\" content=\"Autocares Grupo Benidorm\" \/>\n<meta property=\"article:modified_time\" content=\"2022-02-25T08:02:02+00:00\" \/>\n<meta name=\"twitter:card\" content=\"summary_large_image\" \/>\n<meta name=\"twitter:label1\" content=\"Tiempo de lectura\" \/>\n\t<meta name=\"twitter:data1\" content=\"4 minutos\" \/>\n<script type=\"application\/ld+json\" class=\"yoast-schema-graph\">{\"@context\":\"https:\/\/schema.org\",\"@graph\":[{\"@type\":\"WebPage\",\"@id\":\"https:\/\/autocaresgrupobenidorm.com\/es\/empresa\/\",\"url\":\"https:\/\/autocaresgrupobenidorm.com\/es\/empresa\/\",\"name\":\"Conoce la historia de nuestra Empresa - Autocares Grupo Benidorm\",\"isPartOf\":{\"@id\":\"https:\/\/autocaresgrupobenidorm.com\/es\/#website\"},\"datePublished\":\"2021-02-04T11:23:42+00:00\",\"dateModified\":\"2022-02-25T08:02:02+00:00\",\"description\":\"Somos una empresa con amplia experiencia en transporte de viajeros por carretera. Disponemos de veh\u00edculos y conductores altamente preparados.\",\"breadcrumb\":{\"@id\":\"https:\/\/autocaresgrupobenidorm.com\/es\/empresa\/#breadcrumb\"},\"inLanguage\":\"es\",\"potentialAction\":[{\"@type\":\"ReadAction\",\"target\":[\"https:\/\/autocaresgrupobenidorm.com\/es\/empresa\/\"]}]},{\"@type\":\"BreadcrumbList\",\"@id\":\"https:\/\/autocaresgrupobenidorm.com\/es\/empresa\/#breadcrumb\",\"itemListElement\":[{\"@type\":\"ListItem\",\"position\":1,\"name\":\"Portada\",\"item\":\"https:\/\/autocaresgrupobenidorm.com\/en\/\"},{\"@type\":\"ListItem\",\"position\":2,\"name\":\"Empresa\"}]},{\"@type\":\"WebSite\",\"@id\":\"https:\/\/autocaresgrupobenidorm.com\/es\/#website\",\"url\":\"https:\/\/autocaresgrupobenidorm.com\/es\/\",\"name\":\"Autocares Grupo Benidorm\",\"description\":\"Alquiler de autobuses y veh\u00edculos VIP\",\"publisher\":{\"@id\":\"https:\/\/autocaresgrupobenidorm.com\/es\/#organization\"},\"potentialAction\":[{\"@type\":\"SearchAction\",\"target\":{\"@type\":\"EntryPoint\",\"urlTemplate\":\"https:\/\/autocaresgrupobenidorm.com\/es\/?s={search_term_string}\"},\"query-input\":{\"@type\":\"PropertyValueSpecification\",\"valueRequired\":true,\"valueName\":\"search_term_string\"}}],\"inLanguage\":\"es\"},{\"@type\":\"Organization\",\"@id\":\"https:\/\/autocaresgrupobenidorm.com\/es\/#organization\",\"name\":\"Autocares Grupo Benidorm\",\"url\":\"https:\/\/autocaresgrupobenidorm.com\/es\/\",\"logo\":{\"@type\":\"ImageObject\",\"inLanguage\":\"es\",\"@id\":\"https:\/\/autocaresgrupobenidorm.com\/es\/#\/schema\/logo\/image\/\",\"url\":\"https:\/\/autocaresgrupobenidorm.com\/wp-content\/uploads\/2021\/01\/LOGO-AGB-500.png\",\"contentUrl\":\"https:\/\/autocaresgrupobenidorm.com\/wp-content\/uploads\/2021\/01\/LOGO-AGB-500.png\",\"width\":500,\"height\":184,\"caption\":\"Autocares Grupo Benidorm\"},\"image\":{\"@id\":\"https:\/\/autocaresgrupobenidorm.com\/es\/#\/schema\/logo\/image\/\"}}]}<\/script>\n<!-- \/ Yoast SEO plugin. -->","yoast_head_json":{"title":"Conoce la historia de nuestra Empresa - Autocares Grupo Benidorm","description":"Somos una empresa con amplia experiencia en transporte de viajeros por carretera. Disponemos de veh\u00edculos y conductores altamente preparados.","robots":{"index":"index","follow":"follow","max-snippet":"max-snippet:-1","max-image-preview":"max-image-preview:large","max-video-preview":"max-video-preview:-1"},"canonical":"https:\/\/autocaresgrupobenidorm.com\/es\/empresa\/","og_locale":"es_ES","og_type":"article","og_title":"Conoce la historia de nuestra Empresa - Autocares Grupo Benidorm","og_description":"Somos una empresa con amplia experiencia en transporte de viajeros por carretera. Disponemos de veh\u00edculos y conductores altamente preparados.","og_url":"https:\/\/autocaresgrupobenidorm.com\/es\/empresa\/","og_site_name":"Autocares Grupo Benidorm","article_modified_time":"2022-02-25T08:02:02+00:00","twitter_card":"summary_large_image","twitter_misc":{"Tiempo de lectura":"4 minutos"},"schema":{"@context":"https:\/\/schema.org","@graph":[{"@type":"WebPage","@id":"https:\/\/autocaresgrupobenidorm.com\/es\/empresa\/","url":"https:\/\/autocaresgrupobenidorm.com\/es\/empresa\/","name":"Conoce la historia de nuestra Empresa - Autocares Grupo Benidorm","isPartOf":{"@id":"https:\/\/autocaresgrupobenidorm.com\/es\/#website"},"datePublished":"2021-02-04T11:23:42+00:00","dateModified":"2022-02-25T08:02:02+00:00","description":"Somos una empresa con amplia experiencia en transporte de viajeros por carretera. Disponemos de veh\u00edculos y conductores altamente preparados.","breadcrumb":{"@id":"https:\/\/autocaresgrupobenidorm.com\/es\/empresa\/#breadcrumb"},"inLanguage":"es","potentialAction":[{"@type":"ReadAction","target":["https:\/\/autocaresgrupobenidorm.com\/es\/empresa\/"]}]},{"@type":"BreadcrumbList","@id":"https:\/\/autocaresgrupobenidorm.com\/es\/empresa\/#breadcrumb","itemListElement":[{"@type":"ListItem","position":1,"name":"Portada","item":"https:\/\/autocaresgrupobenidorm.com\/en\/"},{"@type":"ListItem","position":2,"name":"Empresa"}]},{"@type":"WebSite","@id":"https:\/\/autocaresgrupobenidorm.com\/es\/#website","url":"https:\/\/autocaresgrupobenidorm.com\/es\/","name":"Autocares Grupo Benidorm","description":"Alquiler de autobuses y veh\u00edculos VIP","publisher":{"@id":"https:\/\/autocaresgrupobenidorm.com\/es\/#organization"},"potentialAction":[{"@type":"SearchAction","target":{"@type":"EntryPoint","urlTemplate":"https:\/\/autocaresgrupobenidorm.com\/es\/?s={search_term_string}"},"query-input":{"@type":"PropertyValueSpecification","valueRequired":true,"valueName":"search_term_string"}}],"inLanguage":"es"},{"@type":"Organization","@id":"https:\/\/autocaresgrupobenidorm.com\/es\/#organization","name":"Autocares Grupo Benidorm","url":"https:\/\/autocaresgrupobenidorm.com\/es\/","logo":{"@type":"ImageObject","inLanguage":"es","@id":"https:\/\/autocaresgrupobenidorm.com\/es\/#\/schema\/logo\/image\/","url":"https:\/\/autocaresgrupobenidorm.com\/wp-content\/uploads\/2021\/01\/LOGO-AGB-500.png","contentUrl":"https:\/\/autocaresgrupobenidorm.com\/wp-content\/uploads\/2021\/01\/LOGO-AGB-500.png","width":500,"height":184,"caption":"Autocares Grupo Benidorm"},"image":{"@id":"https:\/\/autocaresgrupobenidorm.com\/es\/#\/schema\/logo\/image\/"}}]}},"_links":{"self":[{"href":"https:\/\/autocaresgrupobenidorm.com\/es\/wp-json\/wp\/v2\/pages\/230","targetHints":{"allow":["GET"]}}],"collection":[{"href":"https:\/\/autocaresgrupobenidorm.com\/es\/wp-json\/wp\/v2\/pages"}],"about":[{"href":"https:\/\/autocaresgrupobenidorm.com\/es\/wp-json\/wp\/v2\/types\/page"}],"author":[{"embeddable":true,"href":"https:\/\/autocaresgrupobenidorm.com\/es\/wp-json\/wp\/v2\/users\/1"}],"replies":[{"embeddable":true,"href":"https:\/\/autocaresgrupobenidorm.com\/es\/wp-json\/wp\/v2\/comments?post=230"}],"version-history":[{"count":33,"href":"https:\/\/autocaresgrupobenidorm.com\/es\/wp-json\/wp\/v2\/pages\/230\/revisions"}],"predecessor-version":[{"id":1103,"href":"https:\/\/autocaresgrupobenidorm.com\/es\/wp-json\/wp\/v2\/pages\/230\/revisions\/1103"}],"wp:attachment":[{"href":"https:\/\/autocaresgrupobenidorm.com\/es\/wp-json\/wp\/v2\/media?parent=230"}],"curies":[{"name":"wp","href":"https:\/\/api.w.org\/{rel}","templated":true}]}}