{"id":3,"date":"2021-01-29T14:53:35","date_gmt":"2021-01-29T14:53:35","guid":{"rendered":"https:\/\/dev.autocaresgrupobenidorm.com\/?page_id=3"},"modified":"2023-11-09T07:38:35","modified_gmt":"2023-11-09T07:38:35","slug":"privacy-policy","status":"publish","type":"page","link":"https:\/\/autocaresgrupobenidorm.com\/es\/privacy-policy\/","title":{"rendered":"Pol\u00edtica de privacidad"},"content":{"rendered":"<p>[et_pb_section fb_built=\u00bb1&#8243; admin_label=\u00bbsection\u00bb _builder_version=\u00bb4.16&#8243; global_colors_info=\u00bb{}\u00bb][et_pb_row admin_label=\u00bbrow\u00bb _builder_version=\u00bb4.16&#8243; background_size=\u00bbinitial\u00bb background_position=\u00bbtop_left\u00bb background_repeat=\u00bbrepeat\u00bb global_colors_info=\u00bb{}\u00bb][et_pb_column type=\u00bb4_4&#8243; _builder_version=\u00bb4.16&#8243; custom_padding=\u00bb|||\u00bb global_colors_info=\u00bb{}\u00bb custom_padding__hover=\u00bb|||\u00bb][et_pb_text admin_label=\u00bbText\u00bb _builder_version=\u00bb4.16&#8243; background_size=\u00bbinitial\u00bb background_position=\u00bbtop_left\u00bb background_repeat=\u00bbrepeat\u00bb global_colors_info=\u00bb{}\u00bb]<!-- divi:heading --><\/p>\n<div class=\"row-fluid wrapper\">\n<div class=\"span12\"><\/div>\n<\/div>\n<div class=\"row-fluid wrapper\">\n<div id=\"content-region\" class=\"span12\">\n<div class=\"region region-content\">\n<div id=\"block-system-main\" class=\"block block-system\">\n<div class=\"content\">\n<div class=\"ds-1col node node-page view-mode-default clearfix\">\n<div class=\"field field-name-body field-type-text-with-summary field-label-hidden\">\n<div class=\"field-items\">\n<div class=\"field-item even\">\n<p><strong>POL\u00cdTICA DE PRIVACIDAD<\/strong><\/p>\n<p>De acuerdo con lo establecido por el <strong>Reglamento (UE) 2016\/679 del Parlamento Europeo y del Consejo, de 27 de abril de 2016, relativo a la protecci\u00f3n de las personas f\u00edsicas en lo que respecta al tratamiento de datos personales<\/strong> y a la libre circulaci\u00f3n de estos datos (<strong>RGPD<\/strong>) y la <em>\u00a0Ley Org\u00e1nica 3\/2018, de 5 de diciembre, de Protecci\u00f3n de Datos Personales y garant\u00eda de los derechos digitales <strong>(LOPDGDD)<\/strong><\/em>, le informamos sobre nuestra Pol\u00edtica de Privacidad.<\/p>\n<p>La presente pol\u00edtica de privacidad es aplicable al Sitio Web autocaresgrupobenidorm.com titularidad de AUTOCARES GRUPO BENIDORM, S.L.U.\u00a0 El acceso y uso del mismo, ya sea para navegar por sus p\u00e1ginas o para formalizar una compra online, otorga la condici\u00f3n de Usuario al visitante del Sito Web. Acci\u00f3n que\u00a0 implica la total aceptaci\u00f3n, sin reservas, por parte del Usuario de estas condiciones de uso. En caso de no aceptaci\u00f3n, rogamos no utilice la Web.<\/p>\n<p>Es por ello, que antes de empezar a usar nuestro Sitio Web deber\u00e1 leer el Aviso legal, la Pol\u00edtica de Privacidad, Pol\u00edtica de cookies, las condiciones generales de contrataci\u00f3n y cualquier otro texto legal que regule su uso y que podr\u00e1 consultar en el pie del Sitio Web.<\/p>\n<p>Si durante el acceso al Sitio Web se requieren Datos Personales para poder prestarle nuestros servicios se har\u00e1 de acuerdo a las siguientes premisas:<\/p>\n<p>La totalidad de tratamientos de datos recogidos en esta web son realizados en nombre del responsable de tratamiento. Seg\u00fan los servicios prestados el tratamiento se realiza por una de las siguientes empresas, cuyos datos identificativos y servicios prestados son los siguientes:<\/p>\n<p>\u00a0<span style=\"font-size: 14px;\">Datos de: Servicios de traslado privado al aeropuerto y curr\u00edculums<\/span><\/p>\n<ul>\n<li><strong>Titular<\/strong>: AUTOCARES GRUPO BENIDORM, S.L.U.<\/li>\n<li><strong>CIF<\/strong>: B53348835<\/li>\n<li><strong>Domicilio social<\/strong>:\u00a0 Cami Salt de l\u00b4 Aigua 15, Benidorm, 03503, Alicante, Espa\u00f1a<\/li>\n<li><strong>Correo electr\u00f3nico:<\/strong> info@autocaresgrupobenidorm.com<\/li>\n<li><strong>Tel\u00e9fono:<\/strong> +34 965 850 790 \/ 966 801 850<\/li>\n<\/ul>\n<ol>\n<li>RECOGIDA DE DATOS, FINALIDADES DEL TRATAMIENTO Y LEGITIMACI\u00d3N<\/li>\n<\/ol>\n<p>Durante el proceso de recogida de Datos Personales en los diferentes formularios de nuestro Sitio Web se le indicar\u00e1 que informaci\u00f3n es obligatoria para completar el proceso. En caso de no facilitarla no nos ser\u00e1 posible prestarle el servicio o facilitarle el acceso a determinadas funcionalidades implementadas en el Sitio Web.<\/p>\n<p>Al rellenar el Usuario estos formularios de recogida de Datos Personales autoriza expresamente al titular del Sitio Web para el uso de sus datos con las finalidades abajo indicadas.<\/p>\n<p>Es responsabilidad del Usuario proporcionar datos exactos y ciertos, as\u00ed como\u00a0 comunicar cualquier cambio o modificaci\u00f3n de los mismos.<\/p>\n<p>Las finalidades de la recogida de sus Datos Personales son las siguientes:<\/p>\n<ul>\n<li><em>F<\/em><em>acilitar informaci\u00f3n<\/em>, en respuesta a las consultas web realizadas a trav\u00e9s del apartado Contacto o Chat Online.<\/li>\n<li>Remitir presupuesto solicitado en apartado \u201cSolicitar presupuesto\u201d<\/li>\n<li><em>Gestionar su participaci\u00f3n en proceso de selecci\u00f3n de personal.<\/em><\/li>\n<\/ul>\n<p>&nbsp;<\/p>\n<p>La <strong>base jur\u00eddica<\/strong> para el tratamiento de sus datos es la ejecuci\u00f3n del contrato de reserva de nuestros servicios, el consentimiento inequ\u00edvoco que manifiesta al aceptar la pol\u00edtica de privacidad del formulario de solicitud de presupuesto, Formulario \u201cContacte con nosotros\u201d o formulario \u201cTrabaje con nosotros\u201d.<\/p>\n<p>&nbsp;<\/p>\n<ol start=\"2\">\n<li><strong>CONSERVACION DE LA INFORMACION<\/strong><\/li>\n<\/ol>\n<p>Se informa al Usuario de que, en cumplimiento del principio de limitaci\u00f3n del plazo de conservaci\u00f3n, los datos recogidos ser\u00e1n tratados \u00fanica y exclusivamente durante el tiempo necesario y para las finalidades para las que se hayan recabado en cada momento. Ser\u00e1n pues mantenidos de forma que se permita la identificaci\u00f3n de los interesados durante no m\u00e1s tiempo del necesario para los fines del tratamiento de los datos personales y el cumplimiento de la normativa legal aplicable en este caso.<\/p>\n<ol start=\"3\">\n<li><strong>CESION DE LOS DATOS PERSONALES<\/strong><\/li>\n<\/ol>\n<p>Para cumplir las finalidades indicadas en el punto 1 de la Pol\u00edtica de Privacidad, puede resultar necesario que comuniquemos o cedamos sus Datos Personales \u00a0a terceras entidades que nos presten servicios de soporte para poderle ofrecer correctamente nuestro servicio. Entre estas entidades se encuentran empresas de transporte, proveedores de servicios tecnol\u00f3gicos \u00a0y entidades financieras para la gesti\u00f3n de pago de nuestros servicios.<\/p>\n<p>En el caso de los datos entregados en el apartado \u201cTrabaje con nosotros\u201d estos datos podr\u00e1n ser cedidos a cualquiera de las 3 empresas del grupo Autocares Benidorm (Autocares Grupo Benidorm S.L., Beniconnect, S.L.U, Connect Perker, S.L.)<\/p>\n<p>En algunos casos, como puede ser el de los proveedores tecnol\u00f3gicos, dichas entidades se encuentran fuera de la Uni\u00f3n Europea, verificando que nuestros proveedores se encuentran adheridos al \u201cPrivacy Shield\u201d, u otros pa\u00edses o territorios situados fuera del Espacio Econ\u00f3mico Europeo, con un nivel adecuado de protecci\u00f3n. Al aceptar esta Pol\u00edtica de Privacidad, usted nos autoriza expresamente a tratar y comunicar sus Datos Personales a estas terceras entidades y\/o a transferir sus Datos Personales a los referidos prestadores de servicios ubicados fuera del Espacio Econ\u00f3mico Europeo para las finalidades aqu\u00ed descritas.<\/p>\n<ol start=\"4\">\n<li><strong>DERECHOS DE PROTECCION DE DATOS.<\/strong><\/li>\n<\/ol>\n<p>En cualquier momento podr\u00e1 ejercer sus derechos de acceso, rectificaci\u00f3n, cancelaci\u00f3n y oposici\u00f3n mediante el env\u00edo de un correo electr\u00f3nico a: info@autocaresgrupobenidorm.com, indic\u00e1ndonos el motivo de su solicitud. Le recordamos que estos derechos \u00fanicamente podr\u00e1n ser ejercitados por el propio interesado, por lo que podemos solicitarle copia de su DNI, pasaporte u otro documento v\u00e1lido que lo identifique.<\/p>\n<ol start=\"5\">\n<li><strong>MEDIDAS DE SEGURIDAD<\/strong><\/li>\n<\/ol>\n<p>Nos comprometemos a garantiza el deber de secreto y confidencialidad en el tratamiento de los datos personales, adoptando los niveles de seguridad de protecci\u00f3n de los datos de car\u00e1cter personal legalmente requeridos, e instalando todos los medios y medidas t\u00e9cnicas a su alcance para evitar la p\u00e9rdida, mal uso, alteraci\u00f3n, acceso no autorizado y robo de los mismos.<\/p>\n<ol start=\"6\">\n<li><strong>INFORMACI\u00d3N SOBRE COOKIES<\/strong><\/li>\n<\/ol>\n<p>Utilizamos cookies, que son peque\u00f1os ficheros con informaci\u00f3n sobre su navegaci\u00f3n en esta Plataforma y cuya finalidad principal es facilitar su navegaci\u00f3n en la misma. Por favor, lea nuestra Pol\u00edtica de Cookies para conocer con mayor detalle las cookies que usamos, su finalidad y otra informaci\u00f3n de inter\u00e9s.<\/p>\n<ol start=\"7\">\n<li><strong>CAMBIO NORMATIVA<\/strong><\/li>\n<\/ol>\n<p>AUTOCARES GRUPO BENIDORM, S.L.U. se reserva el derecho de modificar la presente pol\u00edtica con el objeto de adaptarla a las novedades legislativas o jurisprudenciales.<\/p>\n<p>&nbsp;<\/p>\n<\/div>\n<\/div>\n<\/div>\n<\/div>\n<\/div>\n<\/div>\n<\/div>\n<\/div>\n<\/div>\n<p>&nbsp;<\/p>\n<p>&nbsp;<\/p>\n<p><!-- \/divi:heading -->[\/et_pb_text][\/et_pb_column][\/et_pb_row][\/et_pb_section]<\/p>\n","protected":false},"excerpt":{"rendered":"<p>POL\u00cdTICA DE PRIVACIDAD De acuerdo con lo establecido por el Reglamento (UE) 2016\/679 del Parlamento Europeo y del Consejo, de 27 de abril de 2016, relativo a la protecci\u00f3n de las personas f\u00edsicas en lo que respecta al tratamiento de datos personales y a la libre circulaci\u00f3n de estos datos (RGPD) y la \u00a0Ley Org\u00e1nica [&hellip;]<\/p>\n","protected":false},"author":1,"featured_media":0,"parent":0,"menu_order":0,"comment_status":"closed","ping_status":"open","template":"","meta":{"_et_pb_use_builder":"on","_et_pb_old_content":"<!-- wp:heading -->\n<h2>Who we are<\/h2>\n<!-- \/wp:heading -->\n\n<!-- wp:paragraph -->\n<p>Our website address is: https:\/\/dev.autocaresgrupobenidorm.com.<\/p>\n<!-- \/wp:paragraph -->\n\n<!-- wp:heading -->\n<h2>What personal data we collect and why we collect it<\/h2>\n<!-- \/wp:heading -->\n\n<!-- wp:heading {\"level\":3} -->\n<h3>Comments<\/h3>\n<!-- \/wp:heading -->\n\n<!-- wp:paragraph -->\n<p>When visitors leave comments on the site we collect the data shown in the comments form, and also the visitor\u2019s IP address and browser user agent string to help spam detection.<\/p>\n<!-- \/wp:paragraph -->\n\n<!-- wp:paragraph -->\n<p>An anonymized string created from your email address (also called a hash) may be provided to the Gravatar service to see if you are using it. The Gravatar service privacy policy is available here: https:\/\/automattic.com\/privacy\/. After approval of your comment, your profile picture is visible to the public in the context of your comment.<\/p>\n<!-- \/wp:paragraph -->\n\n<!-- wp:heading {\"level\":3} -->\n<h3>Media<\/h3>\n<!-- \/wp:heading -->\n\n<!-- wp:paragraph -->\n<p>If you upload images to the website, you should avoid uploading images with embedded location data (EXIF GPS) included. Visitors to the website can download and extract any location data from images on the website.<\/p>\n<!-- \/wp:paragraph -->\n\n<!-- wp:heading {\"level\":3} -->\n<h3>Contact forms<\/h3>\n<!-- \/wp:heading -->\n\n<!-- wp:heading {\"level\":3} -->\n<h3>Cookies<\/h3>\n<!-- \/wp:heading -->\n\n<!-- wp:paragraph -->\n<p>If you leave a comment on our site you may opt-in to saving your name, email address and website in cookies. These are for your convenience so that you do not have to fill in your details again when you leave another comment. These cookies will last for one year.<\/p>\n<!-- \/wp:paragraph -->\n\n<!-- wp:paragraph -->\n<p>If you visit our login page, we will set a temporary cookie to determine if your browser accepts cookies. This cookie contains no personal data and is discarded when you close your browser.<\/p>\n<!-- \/wp:paragraph -->\n\n<!-- wp:paragraph -->\n<p>When you log in, we will also set up several cookies to save your login information and your screen display choices. Login cookies last for two days, and screen options cookies last for a year. If you select \"Remember Me\", your login will persist for two weeks. If you log out of your account, the login cookies will be removed.<\/p>\n<!-- \/wp:paragraph -->\n\n<!-- wp:paragraph -->\n<p>If you edit or publish an article, an additional cookie will be saved in your browser. This cookie includes no personal data and simply indicates the post ID of the article you just edited. It expires after 1 day.<\/p>\n<!-- \/wp:paragraph -->\n\n<!-- wp:heading {\"level\":3} -->\n<h3>Embedded content from other websites<\/h3>\n<!-- \/wp:heading -->\n\n<!-- wp:paragraph -->\n<p>Articles on this site may include embedded content (e.g. videos, images, articles, etc.). Embedded content from other websites behaves in the exact same way as if the visitor has visited the other website.<\/p>\n<!-- \/wp:paragraph -->\n\n<!-- wp:paragraph -->\n<p>These websites may collect data about you, use cookies, embed additional third-party tracking, and monitor your interaction with that embedded content, including tracking your interaction with the embedded content if you have an account and are logged in to that website.<\/p>\n<!-- \/wp:paragraph -->\n\n<!-- wp:heading {\"level\":3} -->\n<h3>Analytics<\/h3>\n<!-- \/wp:heading -->\n\n<!-- wp:heading -->\n<h2>Who we share your data with<\/h2>\n<!-- \/wp:heading -->\n\n<!-- wp:paragraph -->\n<p>If you request a password reset, your IP address will be included in the reset email.<\/p>\n<!-- \/wp:paragraph -->\n\n<!-- wp:heading -->\n<h2>How long we retain your data<\/h2>\n<!-- \/wp:heading -->\n\n<!-- wp:paragraph -->\n<p>If you leave a comment, the comment and its metadata are retained indefinitely. This is so we can recognize and approve any follow-up comments automatically instead of holding them in a moderation queue.<\/p>\n<!-- \/wp:paragraph -->\n\n<!-- wp:paragraph -->\n<p>For users that register on our website (if any), we also store the personal information they provide in their user profile. All users can see, edit, or delete their personal information at any time (except they cannot change their username). Website administrators can also see and edit that information.<\/p>\n<!-- \/wp:paragraph -->\n\n<!-- wp:heading -->\n<h2>What rights you have over your data<\/h2>\n<!-- \/wp:heading -->\n\n<!-- wp:paragraph -->\n<p>If you have an account on this site, or have left comments, you can request to receive an exported file of the personal data we hold about you, including any data you have provided to us. You can also request that we erase any personal data we hold about you. This does not include any data we are obliged to keep for administrative, legal, or security purposes.<\/p>\n<!-- \/wp:paragraph -->\n\n<!-- wp:heading -->\n<h2>Where we send your data<\/h2>\n<!-- \/wp:heading -->\n\n<!-- wp:paragraph -->\n<p>Visitor comments may be checked through an automated spam detection service.<\/p>\n<!-- \/wp:paragraph -->\n\n<!-- wp:heading -->\n<h2>Your contact information<\/h2>\n<!-- \/wp:heading -->\n\n<!-- wp:heading -->\n<h2>Additional information<\/h2>\n<!-- \/wp:heading -->\n\n<!-- wp:heading {\"level\":3} -->\n<h3>How we protect your data<\/h3>\n<!-- \/wp:heading -->\n\n<!-- wp:heading {\"level\":3} -->\n<h3>What data breach procedures we have in place<\/h3>\n<!-- \/wp:heading -->\n\n<!-- wp:heading {\"level\":3} -->\n<h3>What third parties we receive data from<\/h3>\n<!-- \/wp:heading -->\n\n<!-- wp:heading {\"level\":3} -->\n<h3>What automated decision making and\/or profiling we do with user data<\/h3>\n<!-- \/wp:heading -->\n\n<!-- wp:heading {\"level\":3} -->\n<h3>Industry regulatory disclosure requirements<\/h3>\n<!-- \/wp:heading -->","_et_gb_content_width":"","footnotes":""},"class_list":["post-3","page","type-page","status-publish","hentry"],"yoast_head":"<!-- This site is optimized with the Yoast SEO plugin v24.9 - https:\/\/yoast.com\/wordpress\/plugins\/seo\/ -->\n<title>Pol\u00edtica de privacidad - Autocares Grupo Benidorm<\/title>\n<meta name=\"robots\" content=\"index, follow, max-snippet:-1, max-image-preview:large, max-video-preview:-1\" \/>\n<link rel=\"canonical\" href=\"https:\/\/autocaresgrupobenidorm.com\/es\/privacy-policy\/\" \/>\n<meta property=\"og:locale\" content=\"es_ES\" \/>\n<meta property=\"og:type\" content=\"article\" \/>\n<meta property=\"og:title\" content=\"Pol\u00edtica de privacidad - Autocares Grupo Benidorm\" \/>\n<meta property=\"og:description\" content=\"POL\u00cdTICA DE PRIVACIDAD De acuerdo con lo establecido por el Reglamento (UE) 2016\/679 del Parlamento Europeo y del Consejo, de 27 de abril de 2016, relativo a la protecci\u00f3n de las personas f\u00edsicas en lo que respecta al tratamiento de datos personales y a la libre circulaci\u00f3n de estos datos (RGPD) y la \u00a0Ley Org\u00e1nica [&hellip;]\" \/>\n<meta property=\"og:url\" content=\"https:\/\/autocaresgrupobenidorm.com\/es\/privacy-policy\/\" \/>\n<meta property=\"og:site_name\" content=\"Autocares Grupo Benidorm\" \/>\n<meta property=\"article:modified_time\" content=\"2023-11-09T07:38:35+00:00\" \/>\n<meta name=\"twitter:card\" content=\"summary_large_image\" \/>\n<meta name=\"twitter:label1\" content=\"Tiempo de lectura\" \/>\n\t<meta name=\"twitter:data1\" content=\"6 minutos\" \/>\n<script type=\"application\/ld+json\" class=\"yoast-schema-graph\">{\"@context\":\"https:\/\/schema.org\",\"@graph\":[{\"@type\":\"WebPage\",\"@id\":\"https:\/\/autocaresgrupobenidorm.com\/es\/privacy-policy\/\",\"url\":\"https:\/\/autocaresgrupobenidorm.com\/es\/privacy-policy\/\",\"name\":\"Pol\u00edtica de privacidad - Autocares Grupo Benidorm\",\"isPartOf\":{\"@id\":\"https:\/\/autocaresgrupobenidorm.com\/es\/#website\"},\"datePublished\":\"2021-01-29T14:53:35+00:00\",\"dateModified\":\"2023-11-09T07:38:35+00:00\",\"breadcrumb\":{\"@id\":\"https:\/\/autocaresgrupobenidorm.com\/es\/privacy-policy\/#breadcrumb\"},\"inLanguage\":\"es\",\"potentialAction\":[{\"@type\":\"ReadAction\",\"target\":[\"https:\/\/autocaresgrupobenidorm.com\/es\/privacy-policy\/\"]}]},{\"@type\":\"BreadcrumbList\",\"@id\":\"https:\/\/autocaresgrupobenidorm.com\/es\/privacy-policy\/#breadcrumb\",\"itemListElement\":[{\"@type\":\"ListItem\",\"position\":1,\"name\":\"Portada\",\"item\":\"https:\/\/autocaresgrupobenidorm.com\/en\/\"},{\"@type\":\"ListItem\",\"position\":2,\"name\":\"Pol\u00edtica de privacidad\"}]},{\"@type\":\"WebSite\",\"@id\":\"https:\/\/autocaresgrupobenidorm.com\/es\/#website\",\"url\":\"https:\/\/autocaresgrupobenidorm.com\/es\/\",\"name\":\"Autocares Grupo Benidorm\",\"description\":\"Alquiler de autobuses y veh\u00edculos VIP\",\"publisher\":{\"@id\":\"https:\/\/autocaresgrupobenidorm.com\/es\/#organization\"},\"potentialAction\":[{\"@type\":\"SearchAction\",\"target\":{\"@type\":\"EntryPoint\",\"urlTemplate\":\"https:\/\/autocaresgrupobenidorm.com\/es\/?s={search_term_string}\"},\"query-input\":{\"@type\":\"PropertyValueSpecification\",\"valueRequired\":true,\"valueName\":\"search_term_string\"}}],\"inLanguage\":\"es\"},{\"@type\":\"Organization\",\"@id\":\"https:\/\/autocaresgrupobenidorm.com\/es\/#organization\",\"name\":\"Autocares Grupo Benidorm\",\"url\":\"https:\/\/autocaresgrupobenidorm.com\/es\/\",\"logo\":{\"@type\":\"ImageObject\",\"inLanguage\":\"es\",\"@id\":\"https:\/\/autocaresgrupobenidorm.com\/es\/#\/schema\/logo\/image\/\",\"url\":\"https:\/\/autocaresgrupobenidorm.com\/wp-content\/uploads\/2021\/01\/LOGO-AGB-500.png\",\"contentUrl\":\"https:\/\/autocaresgrupobenidorm.com\/wp-content\/uploads\/2021\/01\/LOGO-AGB-500.png\",\"width\":500,\"height\":184,\"caption\":\"Autocares Grupo Benidorm\"},\"image\":{\"@id\":\"https:\/\/autocaresgrupobenidorm.com\/es\/#\/schema\/logo\/image\/\"}}]}<\/script>\n<!-- \/ Yoast SEO plugin. -->","yoast_head_json":{"title":"Pol\u00edtica de privacidad - Autocares Grupo Benidorm","robots":{"index":"index","follow":"follow","max-snippet":"max-snippet:-1","max-image-preview":"max-image-preview:large","max-video-preview":"max-video-preview:-1"},"canonical":"https:\/\/autocaresgrupobenidorm.com\/es\/privacy-policy\/","og_locale":"es_ES","og_type":"article","og_title":"Pol\u00edtica de privacidad - Autocares Grupo Benidorm","og_description":"POL\u00cdTICA DE PRIVACIDAD De acuerdo con lo establecido por el Reglamento (UE) 2016\/679 del Parlamento Europeo y del Consejo, de 27 de abril de 2016, relativo a la protecci\u00f3n de las personas f\u00edsicas en lo que respecta al tratamiento de datos personales y a la libre circulaci\u00f3n de estos datos (RGPD) y la \u00a0Ley Org\u00e1nica [&hellip;]","og_url":"https:\/\/autocaresgrupobenidorm.com\/es\/privacy-policy\/","og_site_name":"Autocares Grupo Benidorm","article_modified_time":"2023-11-09T07:38:35+00:00","twitter_card":"summary_large_image","twitter_misc":{"Tiempo de lectura":"6 minutos"},"schema":{"@context":"https:\/\/schema.org","@graph":[{"@type":"WebPage","@id":"https:\/\/autocaresgrupobenidorm.com\/es\/privacy-policy\/","url":"https:\/\/autocaresgrupobenidorm.com\/es\/privacy-policy\/","name":"Pol\u00edtica de privacidad - Autocares Grupo Benidorm","isPartOf":{"@id":"https:\/\/autocaresgrupobenidorm.com\/es\/#website"},"datePublished":"2021-01-29T14:53:35+00:00","dateModified":"2023-11-09T07:38:35+00:00","breadcrumb":{"@id":"https:\/\/autocaresgrupobenidorm.com\/es\/privacy-policy\/#breadcrumb"},"inLanguage":"es","potentialAction":[{"@type":"ReadAction","target":["https:\/\/autocaresgrupobenidorm.com\/es\/privacy-policy\/"]}]},{"@type":"BreadcrumbList","@id":"https:\/\/autocaresgrupobenidorm.com\/es\/privacy-policy\/#breadcrumb","itemListElement":[{"@type":"ListItem","position":1,"name":"Portada","item":"https:\/\/autocaresgrupobenidorm.com\/en\/"},{"@type":"ListItem","position":2,"name":"Pol\u00edtica de privacidad"}]},{"@type":"WebSite","@id":"https:\/\/autocaresgrupobenidorm.com\/es\/#website","url":"https:\/\/autocaresgrupobenidorm.com\/es\/","name":"Autocares Grupo Benidorm","description":"Alquiler de autobuses y veh\u00edculos VIP","publisher":{"@id":"https:\/\/autocaresgrupobenidorm.com\/es\/#organization"},"potentialAction":[{"@type":"SearchAction","target":{"@type":"EntryPoint","urlTemplate":"https:\/\/autocaresgrupobenidorm.com\/es\/?s={search_term_string}"},"query-input":{"@type":"PropertyValueSpecification","valueRequired":true,"valueName":"search_term_string"}}],"inLanguage":"es"},{"@type":"Organization","@id":"https:\/\/autocaresgrupobenidorm.com\/es\/#organization","name":"Autocares Grupo Benidorm","url":"https:\/\/autocaresgrupobenidorm.com\/es\/","logo":{"@type":"ImageObject","inLanguage":"es","@id":"https:\/\/autocaresgrupobenidorm.com\/es\/#\/schema\/logo\/image\/","url":"https:\/\/autocaresgrupobenidorm.com\/wp-content\/uploads\/2021\/01\/LOGO-AGB-500.png","contentUrl":"https:\/\/autocaresgrupobenidorm.com\/wp-content\/uploads\/2021\/01\/LOGO-AGB-500.png","width":500,"height":184,"caption":"Autocares Grupo Benidorm"},"image":{"@id":"https:\/\/autocaresgrupobenidorm.com\/es\/#\/schema\/logo\/image\/"}}]}},"_links":{"self":[{"href":"https:\/\/autocaresgrupobenidorm.com\/es\/wp-json\/wp\/v2\/pages\/3","targetHints":{"allow":["GET"]}}],"collection":[{"href":"https:\/\/autocaresgrupobenidorm.com\/es\/wp-json\/wp\/v2\/pages"}],"about":[{"href":"https:\/\/autocaresgrupobenidorm.com\/es\/wp-json\/wp\/v2\/types\/page"}],"author":[{"embeddable":true,"href":"https:\/\/autocaresgrupobenidorm.com\/es\/wp-json\/wp\/v2\/users\/1"}],"replies":[{"embeddable":true,"href":"https:\/\/autocaresgrupobenidorm.com\/es\/wp-json\/wp\/v2\/comments?post=3"}],"version-history":[{"count":5,"href":"https:\/\/autocaresgrupobenidorm.com\/es\/wp-json\/wp\/v2\/pages\/3\/revisions"}],"predecessor-version":[{"id":1147,"href":"https:\/\/autocaresgrupobenidorm.com\/es\/wp-json\/wp\/v2\/pages\/3\/revisions\/1147"}],"wp:attachment":[{"href":"https:\/\/autocaresgrupobenidorm.com\/es\/wp-json\/wp\/v2\/media?parent=3"}],"curies":[{"name":"wp","href":"https:\/\/api.w.org\/{rel}","templated":true}]}}